{"id":8,"date":"2012-08-08T17:03:43","date_gmt":"2012-08-08T17:03:43","guid":{"rendered":"http:\/\/localhost\/wordpress\/?page_id=8"},"modified":"2020-07-20T14:47:53","modified_gmt":"2020-07-20T14:47:53","slug":"documentos","status":"publish","type":"page","link":"http:\/\/sintema.org.br\/sintema\/documentos\/","title":{"rendered":"Documentos"},"content":{"rendered":"<h2><strong>Requerimento de aposentados: <\/strong><a href=\"http:\/\/sintema.org.br\/sintema\/wp-content\/uploads\/2013\/03\/REQUERIMENTO-APOSENTADOS.pdf\">Clique aqui <\/a><\/h2>\n<p>&nbsp;<\/p>\n<h2>Estatuto<\/h2>\n<p>&nbsp;<\/p>\n<p><a title=\"Clique aqui!\" href=\"http:\/\/sintema.org.br\/sintema\/wp-content\/uploads\/2019\/10\/Novo-Estatuto-do-SINTEMA.pdf\" target=\"_blank\" rel=\"noopener\">Baixe aqui o NOVO Estatuto do SINTEMA &#8211; 2019.<\/a><\/p>\n<p>&nbsp;<\/p>\n<h2>Atas<\/h2>\n<p><a href=\"http:\/\/sintema.org.br\/sintema\/wp-content\/uploads\/2019\/10\/Ata-do-VI-CONSINTEMA.pdf\" target=\"_blank\" rel=\"noopener\">Ata do VI congresso dos trabalhadores em educa\u00e7\u00e3o de terceiro grau no Estado do Maranh\u00e3o &#8211; VI CONSINTEMA, realizado no per\u00edodo de 10 \u00e0 11 de Janeiro de 2019.<\/a><\/p>\n<p>&nbsp;<\/p>\n<p><a href=\"http:\/\/sintema.org.br\/sintema\/wp-content\/uploads\/2020\/07\/ATA-DE-PRORROGA\u00c7\u00c3O-DO-MANDATO-2020.-1-1.pdf\">Ata da Assembleia Geral Extraordin\u00e1ria realizada em 7 de julho de 2020, de forma virtual, pelo Google Meet, que prorrogou o mandato da Dire\u00e7\u00e3o Sindical 2016\/2020.<\/a><\/p>\n<p>&nbsp;<\/p>\n<h2>Relat\u00f3rios<\/h2>\n<p>&nbsp;<\/p>\n<p><a href=\"http:\/\/sintema.org.br\/sintema\/wp-content\/uploads\/2012\/08\/CODIGO-DE-ETICA-DA-UNIVERSIDADE-FEDERAL-DO-MARANHAO.pdf\" target=\"_blank\" rel=\"noopener\">C\u00f3digo de \u00e9tica da Universidade Federal do Maranh\u00e3o<\/a><\/p>\n<p>&nbsp;<\/p>\n<h2>Legisla\u00e7\u00e3o<\/h2>\n<p>&nbsp;<\/p>\n<p><strong>Decreto n\u00ba 5.825, de 29\/06\/2006<\/strong><\/p>\n<p>Estabelece as diretrizes para elabora\u00e7\u00e3o do Plano de Desenvolvimento dos Integrantes do Plano de Carreira dos Cargos T\u00e9cnico-Administrativos em Educa\u00e7\u00e3o, institu\u00eddo pela Lei n\u00ba 11.091, de 12 de janeiro de 2005<\/p>\n<p>&nbsp;<\/p>\n<p><a href=\"http:\/\/www.planalto.gov.br\/ccivil_03\/_Ato2004-2006\/2006\/Decreto\/D5825.htm\">http:\/\/www.planalto.gov.br\/ccivil_03\/_Ato2004-2006\/2006\/Decreto\/D5825.htm<\/a><\/p>\n<p>&nbsp;<\/p>\n<p><strong>Decreto n\u00ba 5.824, de 29\/06\/2006<\/strong><\/p>\n<p>Estabelece os procedimentos para a concess\u00e3o do Incentivo \u00e0 Qualifica\u00e7\u00e3o e para a efetiva\u00e7\u00e3o do enquadramento por n\u00edvel de capacita\u00e7\u00e3o dos servidores integrantes do Plano de Carreira dos Cargos T\u00e9cnico-Administrativos em Educa\u00e7\u00e3o, institu\u00eddo pela Lei no 11.091, de 12 de janeiro de 2005.<\/p>\n<p><a href=\"http:\/\/www.planalto.gov.br\/ccivil_03\/_Ato2004-2006\/2006\/Decreto\/D5824.htm\">http:\/\/www.planalto.gov.br\/ccivil_03\/_Ato2004-2006\/2006\/Decreto\/D5824.htm<\/a><\/p>\n<p>&nbsp;<\/p>\n<p><strong>Lei n\u00ba 11.091, de 12\/01\/2005<\/strong><\/p>\n<p>Disp\u00f5e sobre a estrutura\u00e7\u00e3o do Plano de Carreira dos Cargos T\u00e9cnico-Administrativos em Educa\u00e7\u00e3o, no \u00e2mbito das Institui\u00e7\u00f5es Federais de Ensino vinculadas ao Minist\u00e9rio da Educa\u00e7\u00e3o, e d\u00e1 outras provid\u00eancias.<\/p>\n<p><a href=\"http:\/\/www.planalto.gov.br\/ccivil_03\/_Ato2004-2006\/2005\/Lei\/L11091.htm\">http:\/\/www.planalto.gov.br\/ccivil_03\/_Ato2004-2006\/2005\/Lei\/L11091.htm<\/a><\/p>\n<p>&nbsp;<\/p>\n<p><strong>Lei 8.112, de 11\/12\/1990<\/strong><\/p>\n<p>Disp\u00f5e sobre o regime jur\u00eddico dos servidores p\u00fablicos civis da Uni\u00e3o, das autarquias e das funda\u00e7\u00f5es p\u00fablicas federais.<\/p>\n<p><a href=\"http:\/\/www.planalto.gov.br\/ccivil_03\/Leis\/L8112cons.htm\">http:\/\/www.planalto.gov.br\/ccivil_03\/Leis\/L8112cons.htm<\/a><\/p>\n<p>&nbsp;<\/p>\n<h2>TABELA DE REALINHAMENTO<\/h2>\n<p>Fa\u00e7a o download da tabela do salarial t\u00e9cnico adminstrativo e docentes(.Doc)<a href=\"http:\/\/sintema.org.br\/sintema\/wp-content\/uploads\/2012\/08\/TABELA-SALARIALTEC-ADMINISTRATIVO-E-DOCENTES.doc\" target=\"_blank\" rel=\"noopener\"> aqui<\/a><\/p>\n<p>Fa\u00e7a o download da tabela do salarial t\u00e9cnico adminstrativo e docente(.Pdf) <a href=\"http:\/\/sintema.org.br\/sintema\/wp-content\/uploads\/2012\/08\/TABELA-SALARIALTEC-ADMINISTRATIVO-E-DOCENTES.pdf\" target=\"_blank\" rel=\"noopener\">aqui<\/a><\/p>\n<p><a href=\"http:\/\/localhost\/wordpress\/wp-content\/uploads\/2012\/08\/alianca.jpg\"><img loading=\"lazy\" class=\"alignnone size-full wp-image-146\" title=\"alianca\" src=\"http:\/\/localhost\/wordpress\/wp-content\/uploads\/2012\/08\/alianca.jpg\" alt=\"\" width=\"259\" height=\"128\"><\/a><\/p>\n","protected":false},"excerpt":{"rendered":"<p>Requerimento de aposentados: Clique aqui &nbsp; Estatuto &nbsp; Baixe aqui o NOVO Estatuto do SINTEMA &#8211; 2019. &nbsp; Atas Ata do VI congresso dos trabalhadores em educa\u00e7\u00e3o de terceiro grau no Estado do Maranh\u00e3o &#8211; VI CONSINTEMA, realizado no per\u00edodo de 10 \u00e0 11 de Janeiro de 2019. &nbsp; Ata da Assembleia Geral Extraordin\u00e1ria realizada [&hellip;]<\/p>\n","protected":false},"author":2,"featured_media":0,"parent":0,"menu_order":12,"comment_status":"open","ping_status":"closed","template":"","meta":[],"_links":{"self":[{"href":"http:\/\/sintema.org.br\/sintema\/wp-json\/wp\/v2\/pages\/8"}],"collection":[{"href":"http:\/\/sintema.org.br\/sintema\/wp-json\/wp\/v2\/pages"}],"about":[{"href":"http:\/\/sintema.org.br\/sintema\/wp-json\/wp\/v2\/types\/page"}],"author":[{"embeddable":true,"href":"http:\/\/sintema.org.br\/sintema\/wp-json\/wp\/v2\/users\/2"}],"replies":[{"embeddable":true,"href":"http:\/\/sintema.org.br\/sintema\/wp-json\/wp\/v2\/comments?post=8"}],"version-history":[{"count":16,"href":"http:\/\/sintema.org.br\/sintema\/wp-json\/wp\/v2\/pages\/8\/revisions"}],"predecessor-version":[{"id":11242,"href":"http:\/\/sintema.org.br\/sintema\/wp-json\/wp\/v2\/pages\/8\/revisions\/11242"}],"wp:attachment":[{"href":"http:\/\/sintema.org.br\/sintema\/wp-json\/wp\/v2\/media?parent=8"}],"curies":[{"name":"wp","href":"https:\/\/api.w.org\/{rel}","templated":true}]}}